{"id":4212,"date":"2023-07-13T21:31:52","date_gmt":"2023-07-13T18:31:52","guid":{"rendered":"https:\/\/fordcargoparca.com\/?page_id=4212"},"modified":"2023-07-13T23:17:39","modified_gmt":"2023-07-13T20:17:39","slug":"kategoriler","status":"publish","type":"page","link":"https:\/\/fordcargoparca.com\/ar\/%d9%81%d8%a6%d8%a7%d8%aa\/","title":{"rendered":"\u0641\u0626\u0627\u062a"},"content":{"rendered":"<div data-elementor-type=\"wp-page\" data-elementor-id=\"4212\" class=\"elementor elementor-4212\">\n\t\t\t\t\t\t<section class=\"elementor-section elementor-top-section elementor-element elementor-element-ee0151d elementor-section-boxed elementor-section-height-default elementor-section-height-default\" data-id=\"ee0151d\" data-element_type=\"section\">\n\t\t\t\t\t\t<div class=\"elementor-container elementor-column-gap-default\">\n\t\t\t\t\t<div class=\"elementor-column elementor-col-100 elementor-top-column elementor-element elementor-element-e478261\" data-id=\"e478261\" data-element_type=\"column\">\n\t\t\t<div class=\"elementor-widget-wrap\">\n\t\t\t\t\t\t\t<\/div>\n\t\t<\/div>\n\t\t\t\t\t<\/div>\n\t\t<\/section>\n\t\t\t\t<\/div>","protected":false},"excerpt":{"rendered":"<p>\u0627\u0644\u0645\u062d\u0631\u0643(3) \u0646\u0627\u0642\u0644 \u0627\u0644\u062d\u0631\u0643\u0629(1) \u0627\u0644\u062a\u0641\u0627\u0636\u0644\u064a(1) \u0627\u0644\u062c\u0633\u0645(1) \u0627\u0644\u0641\u0631\u0627\u0645\u0644(1) \u0627\u0644\u0643\u0647\u0631\u0628\u0627\u0626\u064a\u0629(1)<\/p>","protected":false},"author":1,"featured_media":0,"parent":0,"menu_order":0,"comment_status":"closed","ping_status":"closed","template":"","meta":{"footnotes":""},"class_list":["post-4212","page","type-page","status-publish","hentry","badges-style-3"],"yoast_head":"<!-- This site is optimized with the Yoast SEO plugin v23.0 - https:\/\/yoast.com\/wordpress\/plugins\/seo\/ -->\n<title>Kategoriler - Kamil Y\u0131lmaz Otomotiv - Ford Cargo Yedek Par&ccedil;a<\/title>\n<meta name=\"robots\" content=\"index, follow, max-snippet:-1, max-image-preview:large, max-video-preview:-1\" \/>\n<link rel=\"canonical\" href=\"https:\/\/fordcargoparca.com\/ar\/\u0641\u0626\u0627\u062a\/\" \/>\n<meta property=\"og:locale\" content=\"ar_AR\" \/>\n<meta property=\"og:type\" content=\"article\" \/>\n<meta property=\"og:title\" content=\"Kategoriler - Kamil Y\u0131lmaz Otomotiv - Ford Cargo Yedek Par&ccedil;a\" \/>\n<meta property=\"og:description\" content=\"Motor(3) \u015eanz\u0131man(1) Diferansiyel(1) Kaporta(1) Fren(1) Elektrik(1)\" \/>\n<meta property=\"og:url\" content=\"https:\/\/fordcargoparca.com\/ar\/\u0641\u0626\u0627\u062a\/\" \/>\n<meta property=\"og:site_name\" content=\"Kamil Y\u0131lmaz Otomotiv - Ford Cargo Yedek Par&ccedil;a\" \/>\n<meta property=\"article:publisher\" content=\"https:\/\/www.facebook.com\/fordtrucksparts\/\" \/>\n<meta property=\"article:modified_time\" content=\"2023-07-13T20:17:39+00:00\" \/>\n<meta property=\"og:image\" content=\"https:\/\/fordcargoparca.com\/wp-content\/uploads\/2023\/07\/motor.png\" \/>\n<meta name=\"twitter:card\" content=\"summary_large_image\" \/>\n<meta name=\"twitter:label1\" content=\"\u0648\u0642\u062a \u0627\u0644\u0642\u0631\u0627\u0621\u0629 \u0627\u0644\u0645\u064f\u0642\u062f\u0651\u0631\" \/>\n\t<meta name=\"twitter:data1\" content=\"\u062f\u0642\u064a\u0642\u062a\u0627\u0646\" \/>\n<script type=\"application\/ld+json\" class=\"yoast-schema-graph\">{\"@context\":\"https:\/\/schema.org\",\"@graph\":[{\"@type\":\"WebPage\",\"@id\":\"https:\/\/fordcargoparca.com\/kategoriler\/\",\"url\":\"https:\/\/fordcargoparca.com\/kategoriler\/\",\"name\":\"Kategoriler - Kamil Y\u0131lmaz Otomotiv - Ford Cargo Yedek Par&ccedil;a\",\"isPartOf\":{\"@id\":\"https:\/\/fordcargoparca.com\/#website\"},\"primaryImageOfPage\":{\"@id\":\"https:\/\/fordcargoparca.com\/kategoriler\/#primaryimage\"},\"image\":{\"@id\":\"https:\/\/fordcargoparca.com\/kategoriler\/#primaryimage\"},\"thumbnailUrl\":\"https:\/\/fordcargoparca.com\/wp-content\/uploads\/2023\/07\/motor.png\",\"datePublished\":\"2023-07-13T18:31:52+00:00\",\"dateModified\":\"2023-07-13T20:17:39+00:00\",\"breadcrumb\":{\"@id\":\"https:\/\/fordcargoparca.com\/kategoriler\/#breadcrumb\"},\"inLanguage\":\"ar\",\"potentialAction\":[{\"@type\":\"ReadAction\",\"target\":[\"https:\/\/fordcargoparca.com\/kategoriler\/\"]}]},{\"@type\":\"ImageObject\",\"inLanguage\":\"ar\",\"@id\":\"https:\/\/fordcargoparca.com\/kategoriler\/#primaryimage\",\"url\":\"https:\/\/fordcargoparca.com\/wp-content\/uploads\/2023\/07\/motor.png\",\"contentUrl\":\"https:\/\/fordcargoparca.com\/wp-content\/uploads\/2023\/07\/motor.png\"},{\"@type\":\"BreadcrumbList\",\"@id\":\"https:\/\/fordcargoparca.com\/kategoriler\/#breadcrumb\",\"itemListElement\":[{\"@type\":\"ListItem\",\"position\":1,\"name\":\"Anasayfa\",\"item\":\"https:\/\/fordcargoparca.com\/\"},{\"@type\":\"ListItem\",\"position\":2,\"name\":\"Kategoriler\"}]},{\"@type\":\"WebSite\",\"@id\":\"https:\/\/fordcargoparca.com\/#website\",\"url\":\"https:\/\/fordcargoparca.com\/\",\"name\":\"Kamil Y\u0131lmaz Otomotiv - Ford Cargo Par\u00e7a\",\"description\":\"\",\"publisher\":{\"@id\":\"https:\/\/fordcargoparca.com\/#organization\"},\"potentialAction\":[{\"@type\":\"SearchAction\",\"target\":{\"@type\":\"EntryPoint\",\"urlTemplate\":\"https:\/\/fordcargoparca.com\/?s={search_term_string}\"},\"query-input\":\"required name=search_term_string\"}],\"inLanguage\":\"ar\"},{\"@type\":\"Organization\",\"@id\":\"https:\/\/fordcargoparca.com\/#organization\",\"name\":\"Kamil Y\u0131lmaz Otomotiv - Ford Cargo Par\u00e7a\",\"url\":\"https:\/\/fordcargoparca.com\/\",\"logo\":{\"@type\":\"ImageObject\",\"inLanguage\":\"ar\",\"@id\":\"https:\/\/fordcargoparca.com\/#\/schema\/logo\/image\/\",\"url\":\"https:\/\/fordcargoparca.com\/wp-content\/uploads\/2023\/07\/cropped-kamilyilmazlogo3.png\",\"contentUrl\":\"https:\/\/fordcargoparca.com\/wp-content\/uploads\/2023\/07\/cropped-kamilyilmazlogo3.png\",\"width\":1080,\"height\":720,\"caption\":\"Kamil Y\u0131lmaz Otomotiv - Ford Cargo Par\u00e7a\"},\"image\":{\"@id\":\"https:\/\/fordcargoparca.com\/#\/schema\/logo\/image\/\"},\"sameAs\":[\"https:\/\/www.facebook.com\/fordtrucksparts\/\",\"https:\/\/www.instagram.com\/kamilyilmazotomotiv\/\"]}]}<\/script>\n<!-- \/ Yoast SEO plugin. -->","yoast_head_json":{"title":"Kategoriler - Kamil Y\u0131lmaz Otomotiv - Ford Cargo Yedek Par&ccedil;a","robots":{"index":"index","follow":"follow","max-snippet":"max-snippet:-1","max-image-preview":"max-image-preview:large","max-video-preview":"max-video-preview:-1"},"canonical":"https:\/\/fordcargoparca.com\/ar\/\u0641\u0626\u0627\u062a\/","og_locale":"ar_AR","og_type":"article","og_title":"Kategoriler - Kamil Y\u0131lmaz Otomotiv - Ford Cargo Yedek Par&ccedil;a","og_description":"Motor(3) \u015eanz\u0131man(1) Diferansiyel(1) Kaporta(1) Fren(1) Elektrik(1)","og_url":"https:\/\/fordcargoparca.com\/ar\/\u0641\u0626\u0627\u062a\/","og_site_name":"Kamil Y\u0131lmaz Otomotiv - Ford Cargo Yedek Par&ccedil;a","article_publisher":"https:\/\/www.facebook.com\/fordtrucksparts\/","article_modified_time":"2023-07-13T20:17:39+00:00","og_image":[{"url":"https:\/\/fordcargoparca.com\/wp-content\/uploads\/2023\/07\/motor.png"}],"twitter_card":"summary_large_image","twitter_misc":{"\u0648\u0642\u062a \u0627\u0644\u0642\u0631\u0627\u0621\u0629 \u0627\u0644\u0645\u064f\u0642\u062f\u0651\u0631":"\u062f\u0642\u064a\u0642\u062a\u0627\u0646"},"schema":{"@context":"https:\/\/schema.org","@graph":[{"@type":"WebPage","@id":"https:\/\/fordcargoparca.com\/kategoriler\/","url":"https:\/\/fordcargoparca.com\/kategoriler\/","name":"Kategoriler - Kamil Y\u0131lmaz Otomotiv - Ford Cargo Yedek Par&ccedil;a","isPartOf":{"@id":"https:\/\/fordcargoparca.com\/#website"},"primaryImageOfPage":{"@id":"https:\/\/fordcargoparca.com\/kategoriler\/#primaryimage"},"image":{"@id":"https:\/\/fordcargoparca.com\/kategoriler\/#primaryimage"},"thumbnailUrl":"https:\/\/fordcargoparca.com\/wp-content\/uploads\/2023\/07\/motor.png","datePublished":"2023-07-13T18:31:52+00:00","dateModified":"2023-07-13T20:17:39+00:00","breadcrumb":{"@id":"https:\/\/fordcargoparca.com\/kategoriler\/#breadcrumb"},"inLanguage":"ar","potentialAction":[{"@type":"ReadAction","target":["https:\/\/fordcargoparca.com\/kategoriler\/"]}]},{"@type":"ImageObject","inLanguage":"ar","@id":"https:\/\/fordcargoparca.com\/kategoriler\/#primaryimage","url":"https:\/\/fordcargoparca.com\/wp-content\/uploads\/2023\/07\/motor.png","contentUrl":"https:\/\/fordcargoparca.com\/wp-content\/uploads\/2023\/07\/motor.png"},{"@type":"BreadcrumbList","@id":"https:\/\/fordcargoparca.com\/kategoriler\/#breadcrumb","itemListElement":[{"@type":"ListItem","position":1,"name":"Anasayfa","item":"https:\/\/fordcargoparca.com\/"},{"@type":"ListItem","position":2,"name":"Kategoriler"}]},{"@type":"WebSite","@id":"https:\/\/fordcargoparca.com\/#website","url":"https:\/\/fordcargoparca.com\/","name":"Kamil Y\u0131lmaz Otomotiv - Ford Cargo Par\u00e7a","description":"","publisher":{"@id":"https:\/\/fordcargoparca.com\/#organization"},"potentialAction":[{"@type":"SearchAction","target":{"@type":"EntryPoint","urlTemplate":"https:\/\/fordcargoparca.com\/?s={search_term_string}"},"query-input":"required name=search_term_string"}],"inLanguage":"ar"},{"@type":"Organization","@id":"https:\/\/fordcargoparca.com\/#organization","name":"Kamil Y\u0131lmaz Otomotiv - Ford Cargo Par\u00e7a","url":"https:\/\/fordcargoparca.com\/","logo":{"@type":"ImageObject","inLanguage":"ar","@id":"https:\/\/fordcargoparca.com\/#\/schema\/logo\/image\/","url":"https:\/\/fordcargoparca.com\/wp-content\/uploads\/2023\/07\/cropped-kamilyilmazlogo3.png","contentUrl":"https:\/\/fordcargoparca.com\/wp-content\/uploads\/2023\/07\/cropped-kamilyilmazlogo3.png","width":1080,"height":720,"caption":"Kamil Y\u0131lmaz Otomotiv - Ford Cargo Par\u00e7a"},"image":{"@id":"https:\/\/fordcargoparca.com\/#\/schema\/logo\/image\/"},"sameAs":["https:\/\/www.facebook.com\/fordtrucksparts\/","https:\/\/www.instagram.com\/kamilyilmazotomotiv\/"]}]}},"_links":{"self":[{"href":"https:\/\/fordcargoparca.com\/ar\/wp-json\/wp\/v2\/pages\/4212"}],"collection":[{"href":"https:\/\/fordcargoparca.com\/ar\/wp-json\/wp\/v2\/pages"}],"about":[{"href":"https:\/\/fordcargoparca.com\/ar\/wp-json\/wp\/v2\/types\/page"}],"author":[{"embeddable":true,"href":"https:\/\/fordcargoparca.com\/ar\/wp-json\/wp\/v2\/users\/1"}],"replies":[{"embeddable":true,"href":"https:\/\/fordcargoparca.com\/ar\/wp-json\/wp\/v2\/comments?post=4212"}],"version-history":[{"count":23,"href":"https:\/\/fordcargoparca.com\/ar\/wp-json\/wp\/v2\/pages\/4212\/revisions"}],"predecessor-version":[{"id":4259,"href":"https:\/\/fordcargoparca.com\/ar\/wp-json\/wp\/v2\/pages\/4212\/revisions\/4259"}],"wp:attachment":[{"href":"https:\/\/fordcargoparca.com\/ar\/wp-json\/wp\/v2\/media?parent=4212"}],"curies":[{"name":"wp","href":"https:\/\/api.w.org\/{rel}","templated":true}]}}